{"id":7522,"date":"2025-03-06T19:21:40","date_gmt":"2025-03-06T18:21:40","guid":{"rendered":"https:\/\/lejonchet.fr\/?page_id=7522"},"modified":"2025-03-06T19:30:40","modified_gmt":"2025-03-06T18:30:40","slug":"chanson-francaise-9","status":"publish","type":"page","link":"https:\/\/lejonchet.fr\/index.php\/chanson-francaise-9\/","title":{"rendered":"Chanson fran\u00e7aise"},"content":{"rendered":"\n<figure class=\"wp-block-table alignright\"><table class=\"has-background\" style=\"background-color:#e7f5fe\"><tbody><tr><td class=\"has-text-align-right\" data-align=\"right\">RESERVATIONS :<br><a href=\"https:\/\/lejonchet.fr\/index.php\/events\/barbaranne\/\"><strong><mark style=\"background-color:rgba(0, 0, 0, 0)\" class=\"has-inline-color has-vivid-cyan-blue-color\">Vendredi 25 avril 2025 \u00e0 20H30<\/mark><\/strong><\/a><\/td><\/tr><\/tbody><\/table><\/figure>\n\n\n\n<p class=\"has-vivid-red-color has-text-color\" style=\"font-size:40px\"><em>Concert<strong> Barbar&rsquo;Anne<\/strong><\/em><\/p>\n\n\n\n<figure class=\"wp-block-image size-large\"><img loading=\"lazy\" decoding=\"async\" width=\"1024\" height=\"329\" src=\"https:\/\/lejonchet.fr\/wp-content\/uploads\/2025\/03\/Im02-1024x329.jpg\" alt=\"\" class=\"wp-image-7523\" srcset=\"https:\/\/lejonchet.fr\/wp-content\/uploads\/2025\/03\/Im02-1024x329.jpg 1024w, https:\/\/lejonchet.fr\/wp-content\/uploads\/2025\/03\/Im02-300x97.jpg 300w, https:\/\/lejonchet.fr\/wp-content\/uploads\/2025\/03\/Im02-768x247.jpg 768w, https:\/\/lejonchet.fr\/wp-content\/uploads\/2025\/03\/Im02-690x222.jpg 690w, https:\/\/lejonchet.fr\/wp-content\/uploads\/2025\/03\/Im02-980x315.jpg 980w, https:\/\/lejonchet.fr\/wp-content\/uploads\/2025\/03\/Im02.jpg 1200w\" sizes=\"auto, (max-width: 1024px) 100vw, 1024px\" \/><\/figure>\n\n\n\n<p><\/p>\n\n\n\n<p class=\"has-drop-cap\">C\u00e9cile au chant, Jean-Louis au piano&#8230; Leur complicit\u00e9 est n\u00e9e et vit de la musique. Depuis longtemps, ils visitent le r\u00e9pertoire d&rsquo;Anne Sylvestre et de Barbara. Aujourd&rsquo;hui ils les retrouvent pour leur rendre hommage. <br>Pour texte et musique, C\u00e9cile et Jean-Louis ont choisi des chansons d&rsquo;amour, pas tr\u00e8s original peut-\u00eatre, mais l&rsquo;amour peut&nbsp;conna\u00eetre mille facettes et ces dames les ont magnifiquement explor\u00e9es. <br>Car, m\u00eame aujourd&rsquo;hui, il faut redire aux \u00ab gens qui ne doutent pas \u00bb qu&rsquo;on peut aimer QUI on veut, et COMME on veut !&nbsp;Enfin, ces grandes dames parlent de l&rsquo;amour avec tous leurs sens, et le relient \u00e0 la terre, \u00e0 l&rsquo;eau et au vent&#8230;<\/p>\n\n\n\n<p class=\"has-small-font-size\"><em><strong>C\u00c9CILE ET&nbsp;JEAN-LOUIS&nbsp;FOUCARD<\/strong>&nbsp;SONT DEUX MUSICIENS PROFESSIONNELS \u00c0 LA RETRAITE,&nbsp;QUI AIMENT PARTAGER LEURS \u00c9MOTIONS AVEC LE PLUS GRAND NOMBRE<\/em><\/p>\n\n\n\n<figure class=\"wp-block-gallery aligncenter has-nested-images columns-3 is-cropped wp-block-gallery-1 is-layout-flex wp-block-gallery-is-layout-flex\">\n<figure class=\"wp-block-image size-full\"><img loading=\"lazy\" decoding=\"async\" width=\"400\" height=\"400\" data-id=\"7524\" src=\"https:\/\/lejonchet.fr\/wp-content\/uploads\/2025\/03\/Im03.jpg\" alt=\"\" class=\"wp-image-7524\" srcset=\"https:\/\/lejonchet.fr\/wp-content\/uploads\/2025\/03\/Im03.jpg 400w, https:\/\/lejonchet.fr\/wp-content\/uploads\/2025\/03\/Im03-300x300.jpg 300w, https:\/\/lejonchet.fr\/wp-content\/uploads\/2025\/03\/Im03-150x150.jpg 150w\" sizes=\"auto, (max-width: 400px) 100vw, 400px\" \/><\/figure>\n\n\n\n<figure class=\"wp-block-image size-full\"><img loading=\"lazy\" decoding=\"async\" width=\"400\" height=\"400\" data-id=\"7525\" src=\"https:\/\/lejonchet.fr\/wp-content\/uploads\/2025\/03\/Im04.jpg\" alt=\"\" class=\"wp-image-7525\" srcset=\"https:\/\/lejonchet.fr\/wp-content\/uploads\/2025\/03\/Im04.jpg 400w, https:\/\/lejonchet.fr\/wp-content\/uploads\/2025\/03\/Im04-300x300.jpg 300w, https:\/\/lejonchet.fr\/wp-content\/uploads\/2025\/03\/Im04-150x150.jpg 150w\" sizes=\"auto, (max-width: 400px) 100vw, 400px\" \/><\/figure>\n\n\n\n<figure class=\"wp-block-image size-full\"><img loading=\"lazy\" decoding=\"async\" width=\"400\" height=\"400\" data-id=\"7526\" src=\"https:\/\/lejonchet.fr\/wp-content\/uploads\/2025\/03\/Im05.jpg\" alt=\"\" class=\"wp-image-7526\" srcset=\"https:\/\/lejonchet.fr\/wp-content\/uploads\/2025\/03\/Im05.jpg 400w, https:\/\/lejonchet.fr\/wp-content\/uploads\/2025\/03\/Im05-300x300.jpg 300w, https:\/\/lejonchet.fr\/wp-content\/uploads\/2025\/03\/Im05-150x150.jpg 150w\" sizes=\"auto, (max-width: 400px) 100vw, 400px\" \/><\/figure>\n<\/figure>\n\n\n\n<div class=\"wp-block-buttons is-content-justification-right is-layout-flex wp-container-core-buttons-is-layout-765c4724 wp-block-buttons-is-layout-flex\">\n<div class=\"wp-block-button alignright\"><a class=\"wp-block-button__link has-luminous-vivid-amber-background-color has-background has-text-align-left wp-element-button\" href=\"https:\/\/lejonchet.fr\/index.php\/events\/barbaranne\/\" style=\"border-radius:39px\">R\u00e9servation&#8230;<\/a><\/div>\n<\/div>\n","protected":false},"excerpt":{"rendered":"<p>RESERVATIONS :Vendredi 25 avril 2025 \u00e0 20H30 Concert Barbar&rsquo;Anne C\u00e9cile au chant, Jean-Louis au piano&#8230; Leur complicit\u00e9 est n\u00e9e et vit de la musique. Depuis longtemps, ils visitent le r\u00e9pertoire d&rsquo;Anne Sylvestre et de Barbara. Aujourd&rsquo;hui ils les retrouvent pour leur rendre hommage. Pour texte et musique, C\u00e9cile et Jean-Louis ont choisi des chansons d&rsquo;amour, [&hellip;]<\/p>\n","protected":false},"author":1,"featured_media":0,"parent":0,"menu_order":0,"comment_status":"closed","ping_status":"closed","template":"","meta":{"footnotes":""},"class_list":["post-7522","page","type-page","status-publish","hentry"],"_links":{"self":[{"href":"https:\/\/lejonchet.fr\/index.php\/wp-json\/wp\/v2\/pages\/7522","targetHints":{"allow":["GET"]}}],"collection":[{"href":"https:\/\/lejonchet.fr\/index.php\/wp-json\/wp\/v2\/pages"}],"about":[{"href":"https:\/\/lejonchet.fr\/index.php\/wp-json\/wp\/v2\/types\/page"}],"author":[{"embeddable":true,"href":"https:\/\/lejonchet.fr\/index.php\/wp-json\/wp\/v2\/users\/1"}],"replies":[{"embeddable":true,"href":"https:\/\/lejonchet.fr\/index.php\/wp-json\/wp\/v2\/comments?post=7522"}],"version-history":[{"count":2,"href":"https:\/\/lejonchet.fr\/index.php\/wp-json\/wp\/v2\/pages\/7522\/revisions"}],"predecessor-version":[{"id":7532,"href":"https:\/\/lejonchet.fr\/index.php\/wp-json\/wp\/v2\/pages\/7522\/revisions\/7532"}],"wp:attachment":[{"href":"https:\/\/lejonchet.fr\/index.php\/wp-json\/wp\/v2\/media?parent=7522"}],"curies":[{"name":"wp","href":"https:\/\/api.w.org\/{rel}","templated":true}]}}