{"id":5926,"date":"2024-05-01T16:23:49","date_gmt":"2024-05-01T14:23:49","guid":{"rendered":"https:\/\/lejonchet.fr\/?page_id=5926"},"modified":"2025-03-29T13:38:20","modified_gmt":"2025-03-29T12:38:20","slug":"musique-ancienne","status":"publish","type":"page","link":"https:\/\/lejonchet.fr\/index.php\/musique-ancienne\/","title":{"rendered":"Conf\u00e9rence &amp; Musique ancienne"},"content":{"rendered":"\n<figure class=\"wp-block-table alignright\"><table class=\"has-background\" style=\"background-color:#e7f5fe\"><tbody><tr><td class=\"has-text-align-right\" data-align=\"right\">RESERVATIONS :<br><strong><mark style=\"background-color:rgba(0, 0, 0, 0)\" class=\"has-inline-color has-vivid-cyan-blue-color\"><a href=\"https:\/\/lejonchet.fr\/index.php\/events\/trobadors\/\">Dimanche 13 avril 2025 \u00e0 15h30<\/a><\/mark><\/strong><\/td><\/tr><\/tbody><\/table><\/figure>\n\n\n\n<p class=\"has-vivid-red-color has-text-color\" style=\"font-size:40px\"><strong><em>Trobadors d&rsquo;Ali\u00e9nor<\/em><\/strong><\/p>\n\n\n\n<p><em>par <\/em><strong><em>L&rsquo;ensemble La Flama<\/em><\/strong><em><br> avec <\/em><strong><em>Margaux et David Zubeldia <\/em><\/strong><em>et<\/em><strong><em> Xavier Terrasa<\/em><\/strong> <br><em>En pr\u00e9sence de <strong>Katy Bernard<\/strong>&nbsp;auteure, m\u00e9di\u00e9viste et ma\u00eetre de conf\u00e9rences d&rsquo;occitan \u00e0 l&rsquo;Universit\u00e9 Bordeaux Montaigne.<\/em><\/p>\n\n\n\n<blockquote class=\"wp-block-quote is-layout-flow wp-block-quote-is-layout-flow\">\n<blockquote class=\"wp-block-quote is-layout-flow wp-block-quote-is-layout-flow\">\n<blockquote class=\"wp-block-quote is-layout-flow wp-block-quote-is-layout-flow\">\n<blockquote class=\"wp-block-quote is-layout-flow wp-block-quote-is-layout-flow\">\n<blockquote class=\"wp-block-quote is-layout-flow wp-block-quote-is-layout-flow\">\n<blockquote class=\"wp-block-quote is-layout-flow wp-block-quote-is-layout-flow\">\n<p><\/p>\n<\/blockquote>\n<\/blockquote>\n<\/blockquote>\n<\/blockquote>\n<\/blockquote>\n<\/blockquote>\n\n\n\n<figure class=\"wp-block-image size-large\"><img loading=\"lazy\" decoding=\"async\" width=\"1024\" height=\"233\" src=\"https:\/\/lejonchet.fr\/wp-content\/uploads\/2025\/03\/Im08-1024x233.jpg\" alt=\"\" class=\"wp-image-7552\" srcset=\"https:\/\/lejonchet.fr\/wp-content\/uploads\/2025\/03\/Im08-1024x233.jpg 1024w, https:\/\/lejonchet.fr\/wp-content\/uploads\/2025\/03\/Im08-300x68.jpg 300w, https:\/\/lejonchet.fr\/wp-content\/uploads\/2025\/03\/Im08-768x175.jpg 768w, https:\/\/lejonchet.fr\/wp-content\/uploads\/2025\/03\/Im08-690x157.jpg 690w, https:\/\/lejonchet.fr\/wp-content\/uploads\/2025\/03\/Im08-980x223.jpg 980w, https:\/\/lejonchet.fr\/wp-content\/uploads\/2025\/03\/Im08.jpg 1369w\" sizes=\"auto, (max-width: 1024px) 100vw, 1024px\" \/><\/figure>\n\n\n\n<p class=\"has-small-font-size\"><\/p>\n\n\n\n<p class=\"has-drop-cap\"><strong>TROBADORS D&rsquo;ALIENOR<\/strong><br><strong>Aquitaine, berceau de la chanson courtoise occitane au 12e si\u00e8cle<\/strong><br>Reine de France puis d\u2019Angleterre, duchesse d\u2019Aquitaine, Ali\u00e9nor c\u00f4toie les troubadours c\u00e9l\u00e8bres du 12e si\u00e8cle : le premier, Guillaume IX d\u2019Aquitaine, son grand-p\u00e8re paternel, Jaufre Rudel, prince de Blaye, les jongleurs Marcabru et Cercamon, Arnaut Daniel, Rigaut de Barbezieux, Gaucelm Faidit et Bertran de Born, le seigneur d\u2019Hautefort\u2026 Bernard de Ventadour fit partie de sa cour \u2026 et bien s\u00fbr, son fils, Richard Coeur de Lion. <br><strong>Trobadors d&rsquo;Ali\u00e9nor<\/strong> est une immersion dans l\u2019<strong>art du Trobar<\/strong>, une d\u00e9couverte des po\u00e9sies, des chansons profanes et courtoises en occitan, un voyage aux origines de notre litt\u00e9rature et de notre musique occidentale.<\/p>\n\n\n\n<p class=\"has-black-color has-text-color has-link-color wp-elements-b0e2ce48682b200031b0d84be8f91a22\"><strong>&gt;&gt;&gt;&gt; 15h30 :<\/strong> Conf\u00e9rence de&nbsp;<strong>Katy Bernard<\/strong>&nbsp;[auteure, m\u00e9di\u00e9viste et ma\u00eetre de conf\u00e9rences d&rsquo;occitan \u00e0 l&rsquo;Universit\u00e9 Bordeaux Montaigne] &#8211; \u00ab&nbsp;<strong>De Guillaume \u00e0 Ali\u00e9nor d&rsquo;Aquitaine : histoire de quelques chansons&nbsp;<\/strong>\u00bb<br><strong>&gt;&gt;&gt;&gt; <em>Entr&rsquo;actes<\/em><\/strong><br><strong>&gt;&gt;&gt;&gt; 17h :<\/strong> Concert de l&rsquo;ensemble&nbsp;<strong>La Flama<\/strong> &#8211; \u00ab&nbsp;<strong>Trobadors d&rsquo;Ali\u00e9nor&nbsp;<\/strong>&#8211; L&rsquo;Aquitaine berceau de la chanson courtoise occitane au XII<sup>\u00e8me<\/sup>&nbsp;si\u00e8cle \u00bb avec la participation de Katy Bernard<\/p>\n\n\n\n<figure class=\"wp-block-gallery aligncenter has-nested-images columns-2 is-cropped wp-block-gallery-1 is-layout-flex wp-block-gallery-is-layout-flex\">\n<figure class=\"wp-block-image size-full\"><img loading=\"lazy\" decoding=\"async\" width=\"667\" height=\"500\" data-id=\"5928\" src=\"https:\/\/lejonchet.fr\/wp-content\/uploads\/2024\/05\/Im03.jpg\" alt=\"\" class=\"wp-image-5928\" srcset=\"https:\/\/lejonchet.fr\/wp-content\/uploads\/2024\/05\/Im03.jpg 667w, https:\/\/lejonchet.fr\/wp-content\/uploads\/2024\/05\/Im03-300x225.jpg 300w\" sizes=\"auto, (max-width: 667px) 100vw, 667px\" \/><\/figure>\n\n\n\n<figure class=\"wp-block-image size-full\"><img loading=\"lazy\" decoding=\"async\" width=\"500\" height=\"500\" data-id=\"5930\" src=\"https:\/\/lejonchet.fr\/wp-content\/uploads\/2024\/05\/Im05.jpg\" alt=\"\" class=\"wp-image-5930\" srcset=\"https:\/\/lejonchet.fr\/wp-content\/uploads\/2024\/05\/Im05.jpg 500w, https:\/\/lejonchet.fr\/wp-content\/uploads\/2024\/05\/Im05-300x300.jpg 300w, https:\/\/lejonchet.fr\/wp-content\/uploads\/2024\/05\/Im05-150x150.jpg 150w\" sizes=\"auto, (max-width: 500px) 100vw, 500px\" \/><\/figure>\n\n\n\n<figure class=\"wp-block-image size-full\"><img loading=\"lazy\" decoding=\"async\" width=\"400\" height=\"401\" data-id=\"7553\" src=\"https:\/\/lejonchet.fr\/wp-content\/uploads\/2025\/03\/Im09.jpg\" alt=\"\" class=\"wp-image-7553\" srcset=\"https:\/\/lejonchet.fr\/wp-content\/uploads\/2025\/03\/Im09.jpg 400w, https:\/\/lejonchet.fr\/wp-content\/uploads\/2025\/03\/Im09-300x300.jpg 300w, https:\/\/lejonchet.fr\/wp-content\/uploads\/2025\/03\/Im09-150x150.jpg 150w\" sizes=\"auto, (max-width: 400px) 100vw, 400px\" \/><\/figure>\n\n\n\n<figure class=\"wp-block-image size-full\"><img loading=\"lazy\" decoding=\"async\" width=\"500\" height=\"500\" data-id=\"5933\" src=\"https:\/\/lejonchet.fr\/wp-content\/uploads\/2024\/05\/Im07.jpg\" alt=\"\" class=\"wp-image-5933\" srcset=\"https:\/\/lejonchet.fr\/wp-content\/uploads\/2024\/05\/Im07.jpg 500w, https:\/\/lejonchet.fr\/wp-content\/uploads\/2024\/05\/Im07-300x300.jpg 300w, https:\/\/lejonchet.fr\/wp-content\/uploads\/2024\/05\/Im07-150x150.jpg 150w\" sizes=\"auto, (max-width: 500px) 100vw, 500px\" \/><\/figure>\n<\/figure>\n\n\n\n<div class=\"wp-block-buttons is-content-justification-right is-layout-flex wp-container-core-buttons-is-layout-765c4724 wp-block-buttons-is-layout-flex\">\n<div class=\"wp-block-button alignright\"><a class=\"wp-block-button__link has-luminous-vivid-amber-background-color has-background has-text-align-left wp-element-button\" href=\"https:\/\/lejonchet.fr\/index.php\/events\/trobadors\/\" style=\"border-radius:39px\">R\u00e9servation&#8230;<\/a><\/div>\n<\/div>\n\n\n\n<figure class=\"wp-block-embed is-type-video is-provider-youtube wp-block-embed-youtube wp-embed-aspect-16-9 wp-has-aspect-ratio\"><div class=\"wp-block-embed__wrapper\">\n<iframe loading=\"lazy\" title=\"Fort chausa, Gaucelm Faidit - Mort de Richard C\u0153ur de Lion - La FLAMA\" width=\"980\" height=\"551\" src=\"https:\/\/www.youtube.com\/embed\/h5h4ZKUZkQM?start=30&#038;feature=oembed\" frameborder=\"0\" allow=\"accelerometer; autoplay; clipboard-write; encrypted-media; gyroscope; picture-in-picture; web-share\" referrerpolicy=\"strict-origin-when-cross-origin\" allowfullscreen><\/iframe>\n<\/div><\/figure>\n","protected":false},"excerpt":{"rendered":"<p>RESERVATIONS :Dimanche 13 avril 2025 \u00e0 15h30 Trobadors d&rsquo;Ali\u00e9nor par L&rsquo;ensemble La Flama avec Margaux et David Zubeldia et Xavier Terrasa En pr\u00e9sence de Katy Bernard&nbsp;auteure, m\u00e9di\u00e9viste et ma\u00eetre de conf\u00e9rences d&rsquo;occitan \u00e0 l&rsquo;Universit\u00e9 Bordeaux Montaigne. TROBADORS D&rsquo;ALIENORAquitaine, berceau de la chanson courtoise occitane au 12e si\u00e8cleReine de France puis d\u2019Angleterre, duchesse d\u2019Aquitaine, Ali\u00e9nor c\u00f4toie [&hellip;]<\/p>\n","protected":false},"author":1,"featured_media":0,"parent":0,"menu_order":0,"comment_status":"closed","ping_status":"closed","template":"","meta":{"footnotes":""},"class_list":["post-5926","page","type-page","status-publish","hentry"],"_links":{"self":[{"href":"https:\/\/lejonchet.fr\/index.php\/wp-json\/wp\/v2\/pages\/5926","targetHints":{"allow":["GET"]}}],"collection":[{"href":"https:\/\/lejonchet.fr\/index.php\/wp-json\/wp\/v2\/pages"}],"about":[{"href":"https:\/\/lejonchet.fr\/index.php\/wp-json\/wp\/v2\/types\/page"}],"author":[{"embeddable":true,"href":"https:\/\/lejonchet.fr\/index.php\/wp-json\/wp\/v2\/users\/1"}],"replies":[{"embeddable":true,"href":"https:\/\/lejonchet.fr\/index.php\/wp-json\/wp\/v2\/comments?post=5926"}],"version-history":[{"count":16,"href":"https:\/\/lejonchet.fr\/index.php\/wp-json\/wp\/v2\/pages\/5926\/revisions"}],"predecessor-version":[{"id":7573,"href":"https:\/\/lejonchet.fr\/index.php\/wp-json\/wp\/v2\/pages\/5926\/revisions\/7573"}],"wp:attachment":[{"href":"https:\/\/lejonchet.fr\/index.php\/wp-json\/wp\/v2\/media?parent=5926"}],"curies":[{"name":"wp","href":"https:\/\/api.w.org\/{rel}","templated":true}]}}