{"id":5320,"date":"2023-12-29T12:29:29","date_gmt":"2023-12-29T11:29:29","guid":{"rendered":"https:\/\/lejonchet.fr\/?page_id=5320"},"modified":"2023-12-29T12:52:14","modified_gmt":"2023-12-29T11:52:14","slug":"theatre-32","status":"publish","type":"page","link":"https:\/\/lejonchet.fr\/index.php\/theatre-32\/","title":{"rendered":"Th\u00e9\u00e2tre"},"content":{"rendered":"\n<p class=\"has-vivid-red-color has-text-color\" style=\"font-size:40px\"><strong><em>Motus<\/em><\/strong><\/p>\n\n\n\n<figure class=\"wp-block-table alignright\"><table class=\"has-background\" style=\"background-color:#e7f5fe\"><tbody><tr><td class=\"has-text-align-right\" data-align=\"right\">RESERVATIONS :<br> <strong><a href=\"https:\/\/lejonchet.fr\/index.php\/events\/motus\/\">Dimanche 25 f\u00e9vrier 2024 \u00e0 15H30<\/a><\/strong><\/td><\/tr><\/tbody><\/table><\/figure>\n\n\n\n<p>par la <strong>Compagnie Le Th\u00e9\u00e2tre de l&rsquo;Ours<\/strong><br>avec <strong>Ludivine Artus<\/strong> et <strong>Marie Herv\u00e9<\/strong><br>Mise en sc\u00e8ne <strong>Barbara Drouinaud-Bobineau<\/strong> et <strong>Julien Marot<\/strong><\/p>\n\n\n\n<figure class=\"wp-block-image size-large\"><img loading=\"lazy\" decoding=\"async\" width=\"1024\" height=\"268\" src=\"https:\/\/lejonchet.fr\/wp-content\/uploads\/2023\/12\/Motus02-1024x268.jpg\" alt=\"\" class=\"wp-image-5321\" srcset=\"https:\/\/lejonchet.fr\/wp-content\/uploads\/2023\/12\/Motus02-1024x268.jpg 1024w, https:\/\/lejonchet.fr\/wp-content\/uploads\/2023\/12\/Motus02-300x78.jpg 300w, https:\/\/lejonchet.fr\/wp-content\/uploads\/2023\/12\/Motus02-768x201.jpg 768w, https:\/\/lejonchet.fr\/wp-content\/uploads\/2023\/12\/Motus02-1536x401.jpg 1536w, https:\/\/lejonchet.fr\/wp-content\/uploads\/2023\/12\/Motus02-690x180.jpg 690w, https:\/\/lejonchet.fr\/wp-content\/uploads\/2023\/12\/Motus02-980x256.jpg 980w, https:\/\/lejonchet.fr\/wp-content\/uploads\/2023\/12\/Motus02.jpg 1600w\" sizes=\"auto, (max-width: 1024px) 100vw, 1024px\" \/><\/figure>\n\n\n\n<p><\/p>\n\n\n\n<p class=\"has-drop-cap\">Seules sur le plateau, entre foulards, boule noire, vaporette et bouteille de Martini, les deux com\u00e9diennes joueront tous les protagonistes de ce tourbillon tragi-comique o\u00f9 chacun retrouvera une part de soi.<\/p>\n\n\n\n<p><strong>Note d&rsquo;intention<\/strong><br>Nous nous sommes rencontr\u00e9es au sein du collectif de th\u00e9\u00e2tre La Rousselle \u00e0 Bordeaux. Notre amiti\u00e9 nous a rapidement amen\u00e9es \u00e0 parler en profondeur des sujets qui nous animaient. De discussions en discussions, la question d&rsquo;avoir ou non un enfant \u00e0 nos \u00e2ges s&rsquo;est rapidement pos\u00e9e.<br>Confront\u00e9es l&rsquo;une et l&rsquo;autre \u00e0 la pression sociale sur le sujet et travaillant chacune avec des familles en difficult\u00e9 relationnelles dans nos m\u00e9tiers respectifs de psychologue et d&rsquo;\u00e9ducatrice sp\u00e9cialis\u00e9e, nous avons commenc\u00e9 \u00e0 improviser, filmer et retranscrire notre mati\u00e8re, celle, in\u00e9vitablement, de nos propres vies mais aussi celles d&rsquo;hommes et de femmes de notre entourage et d&rsquo;ailleurs.<br><br><strong>Savoir d\u2019o\u00f9 l\u2019on vient pour savoir o\u00f9 l\u2019on va<\/strong><br>Arriv\u00e9es \u00e0 ce stade, c&rsquo;est naturellement vers Julien et Barbara que nous nous sommes tourn\u00e9es pour avoir un regard ext\u00e9rieur et construire, \u00e0 partir de nos propres r\u00e9cits, une histoire qui parle \u00e0 tous. Ce travail tous ensemble a permis que MOTUS trouve une mise en sc\u00e8ne centr\u00e9e et que les bords servent de transition pour les personnages.<br>N\u00e9 d&rsquo;une amiti\u00e9 et d&rsquo;un travail d&rsquo;\u00e9quipe, MOTUS part ainsi de nos v\u00e9rit\u00e9s pour traiter de sujets fragiles : l&rsquo;identit\u00e9, la filiation et le secret, que nous abordons avec humour et profondeur.<\/p>\n\n\n\n<div class=\"wp-block-button alignright\"><a class=\"wp-block-button__link has-luminous-vivid-amber-background-color has-background wp-element-button\" href=\"https:\/\/lejonchet.fr\/index.php\/events\/motus\/\" style=\"border-radius:39px\">R\u00e9servation&#8230;<\/a><\/div>\n\n\n\n<p class=\"has-text-align-left has-small-font-size\"><em>Public : \u00e0 partir de 10 ans<br>Dur\u00e9e du spectacle : 1H15<\/em><\/p>\n\n\n\n<figure class=\"wp-block-gallery aligncenter has-nested-images columns-3 is-cropped wp-block-gallery-1 is-layout-flex wp-block-gallery-is-layout-flex\">\n<figure class=\"wp-block-image size-full\"><img loading=\"lazy\" decoding=\"async\" width=\"600\" height=\"600\" data-id=\"5322\" src=\"https:\/\/lejonchet.fr\/wp-content\/uploads\/2023\/12\/Motus03.jpg\" alt=\"\" class=\"wp-image-5322\" srcset=\"https:\/\/lejonchet.fr\/wp-content\/uploads\/2023\/12\/Motus03.jpg 600w, https:\/\/lejonchet.fr\/wp-content\/uploads\/2023\/12\/Motus03-300x300.jpg 300w, https:\/\/lejonchet.fr\/wp-content\/uploads\/2023\/12\/Motus03-150x150.jpg 150w\" sizes=\"auto, (max-width: 600px) 100vw, 600px\" \/><\/figure>\n\n\n\n<figure class=\"wp-block-image size-large\"><img loading=\"lazy\" decoding=\"async\" width=\"600\" height=\"600\" data-id=\"5324\" src=\"https:\/\/lejonchet.fr\/wp-content\/uploads\/2023\/12\/Motus05.jpg\" alt=\"\" class=\"wp-image-5324\" srcset=\"https:\/\/lejonchet.fr\/wp-content\/uploads\/2023\/12\/Motus05.jpg 600w, https:\/\/lejonchet.fr\/wp-content\/uploads\/2023\/12\/Motus05-300x300.jpg 300w, https:\/\/lejonchet.fr\/wp-content\/uploads\/2023\/12\/Motus05-150x150.jpg 150w\" sizes=\"auto, (max-width: 600px) 100vw, 600px\" \/><\/figure>\n\n\n\n<figure class=\"wp-block-image size-full\"><img loading=\"lazy\" decoding=\"async\" width=\"600\" height=\"600\" data-id=\"5323\" src=\"https:\/\/lejonchet.fr\/wp-content\/uploads\/2023\/12\/Motus04.jpg\" alt=\"\" class=\"wp-image-5323\" srcset=\"https:\/\/lejonchet.fr\/wp-content\/uploads\/2023\/12\/Motus04.jpg 600w, https:\/\/lejonchet.fr\/wp-content\/uploads\/2023\/12\/Motus04-300x300.jpg 300w, https:\/\/lejonchet.fr\/wp-content\/uploads\/2023\/12\/Motus04-150x150.jpg 150w\" sizes=\"auto, (max-width: 600px) 100vw, 600px\" \/><\/figure>\n<\/figure>\n\n\n\n<figure class=\"wp-block-embed is-type-video is-provider-youtube wp-block-embed-youtube wp-embed-aspect-16-9 wp-has-aspect-ratio\"><div class=\"wp-block-embed__wrapper\">\n<iframe loading=\"lazy\" title=\"MOTUS Le Spectacle - Bande-Annonce #1\" width=\"980\" height=\"551\" src=\"https:\/\/www.youtube.com\/embed\/rnhjvTyeV_w?feature=oembed\" frameborder=\"0\" allow=\"accelerometer; autoplay; clipboard-write; encrypted-media; gyroscope; picture-in-picture; web-share\" allowfullscreen><\/iframe>\n<\/div><\/figure>\n","protected":false},"excerpt":{"rendered":"<p>Motus RESERVATIONS : Dimanche 25 f\u00e9vrier 2024 \u00e0 15H30 par la Compagnie Le Th\u00e9\u00e2tre de l&rsquo;Oursavec Ludivine Artus et Marie Herv\u00e9Mise en sc\u00e8ne Barbara Drouinaud-Bobineau et Julien Marot Seules sur le plateau, entre foulards, boule noire, vaporette et bouteille de Martini, les deux com\u00e9diennes joueront tous les protagonistes de ce tourbillon tragi-comique o\u00f9 chacun retrouvera [&hellip;]<\/p>\n","protected":false},"author":1,"featured_media":0,"parent":0,"menu_order":0,"comment_status":"closed","ping_status":"closed","template":"","meta":{"footnotes":""},"class_list":["post-5320","page","type-page","status-publish","hentry"],"_links":{"self":[{"href":"https:\/\/lejonchet.fr\/index.php\/wp-json\/wp\/v2\/pages\/5320","targetHints":{"allow":["GET"]}}],"collection":[{"href":"https:\/\/lejonchet.fr\/index.php\/wp-json\/wp\/v2\/pages"}],"about":[{"href":"https:\/\/lejonchet.fr\/index.php\/wp-json\/wp\/v2\/types\/page"}],"author":[{"embeddable":true,"href":"https:\/\/lejonchet.fr\/index.php\/wp-json\/wp\/v2\/users\/1"}],"replies":[{"embeddable":true,"href":"https:\/\/lejonchet.fr\/index.php\/wp-json\/wp\/v2\/comments?post=5320"}],"version-history":[{"count":7,"href":"https:\/\/lejonchet.fr\/index.php\/wp-json\/wp\/v2\/pages\/5320\/revisions"}],"predecessor-version":[{"id":5336,"href":"https:\/\/lejonchet.fr\/index.php\/wp-json\/wp\/v2\/pages\/5320\/revisions\/5336"}],"wp:attachment":[{"href":"https:\/\/lejonchet.fr\/index.php\/wp-json\/wp\/v2\/media?parent=5320"}],"curies":[{"name":"wp","href":"https:\/\/api.w.org\/{rel}","templated":true}]}}