{"id":3112,"date":"2022-09-22T11:37:26","date_gmt":"2022-09-22T09:37:26","guid":{"rendered":"https:\/\/lejonchet.fr\/?page_id=3112"},"modified":"2023-05-08T21:51:43","modified_gmt":"2023-05-08T19:51:43","slug":"messieurs-les-coureurs","status":"publish","type":"page","link":"https:\/\/lejonchet.fr\/index.php\/messieurs-les-coureurs\/","title":{"rendered":"Th\u00e9\u00e2tre"},"content":{"rendered":"\n<figure class=\"wp-block-table alignright\"><table class=\"has-background\" style=\"background-color:#e7f5fe\"><tbody><tr><td class=\"has-text-align-right\" data-align=\"right\">RESERVATIONS :<br> <strong><mark style=\"background-color:rgba(0, 0, 0, 0)\" class=\"has-inline-color has-vivid-cyan-blue-color\"><a href=\"https:\/\/lejonchet.fr\/index.php\/events\/messieurs-les-coureurs\/\">Dimanche 3 d\u00e9cembre 2023 \u00e0 15h30<\/a><\/mark><\/strong><\/td><\/tr><\/tbody><\/table><\/figure>\n\n\n\n<p class=\"has-vivid-red-color has-text-color\" style=\"font-size:40px\"><strong>\u00ab\u00a0Messieurs les coureurs\u00a0\u00bb<\/strong><\/p>\n\n\n\n<p>de et par Pascal Labadie<\/p>\n\n\n\n<figure class=\"wp-block-image size-large\"><img loading=\"lazy\" decoding=\"async\" width=\"1024\" height=\"244\" src=\"https:\/\/lejonchet.fr\/wp-content\/uploads\/2022\/09\/cour08-1024x244.jpg\" alt=\"\" class=\"wp-image-3113\" srcset=\"https:\/\/lejonchet.fr\/wp-content\/uploads\/2022\/09\/cour08-1024x244.jpg 1024w, https:\/\/lejonchet.fr\/wp-content\/uploads\/2022\/09\/cour08-300x72.jpg 300w, https:\/\/lejonchet.fr\/wp-content\/uploads\/2022\/09\/cour08-768x183.jpg 768w, https:\/\/lejonchet.fr\/wp-content\/uploads\/2022\/09\/cour08-1536x367.jpg 1536w, https:\/\/lejonchet.fr\/wp-content\/uploads\/2022\/09\/cour08-690x165.jpg 690w, https:\/\/lejonchet.fr\/wp-content\/uploads\/2022\/09\/cour08-980x234.jpg 980w, https:\/\/lejonchet.fr\/wp-content\/uploads\/2022\/09\/cour08.jpg 1600w\" sizes=\"auto, (max-width: 1024px) 100vw, 1024px\" \/><\/figure>\n\n\n\n<p class=\"has-drop-cap\">Messieurs les coureurs.<br>C\u2019est un petit gars des champs\u2026<br>Quand il sera grand il sera chevalier de la table ronde\u2026 une table recouverte de toile cir\u00e9e.<br>Son p\u00e8re n\u2019a pu atteindre le Graal\u2026lui se doit de le d\u00e9crocher. Alors il s\u2019en va en noble uniforme de coureur cycliste \u00e0 la conqu\u00eate de\u2026 de quoi au fait ?<br>De lui-m\u00eame peut-\u00eatre. Un grand voyage initiatique \u00e0 v\u00e9lo\u2026 p\u00e9riple parsem\u00e9 d\u2019emb\u00fbches\u2026 une boucle mythologique\u2026 les demi-dieux y c\u00f4toient des majorettes\u2026 toute une soci\u00e9t\u00e9 secr\u00e8te \u00e0 la vue de tous.<br>Le voyage du h\u00e9ros dans des contr\u00e9es o\u00f9 les sir\u00e8nes jouent de l\u2019accord\u00e9on.<\/p>\n\n\n\n<div class=\"wp-block-columns is-layout-flex wp-container-core-columns-is-layout-9d6595d7 wp-block-columns-is-layout-flex\">\n<div class=\"wp-block-column is-layout-flow wp-block-column-is-layout-flow\">\n<figure class=\"wp-block-image size-full\"><img loading=\"lazy\" decoding=\"async\" width=\"245\" height=\"400\" src=\"https:\/\/lejonchet.fr\/wp-content\/uploads\/2022\/09\/cour02-1.jpg\" alt=\"\" class=\"wp-image-3117\" srcset=\"https:\/\/lejonchet.fr\/wp-content\/uploads\/2022\/09\/cour02-1.jpg 245w, https:\/\/lejonchet.fr\/wp-content\/uploads\/2022\/09\/cour02-1-184x300.jpg 184w\" sizes=\"auto, (max-width: 245px) 100vw, 245px\" \/><\/figure>\n<\/div>\n\n\n\n<div class=\"wp-block-column is-layout-flow wp-block-column-is-layout-flow\" style=\"flex-basis:550px\">\n<p><strong>NOTE DE L&rsquo;AUTEUR<\/strong><br><em>Pour qu&rsquo;elle prenne corps, la vie, il faut se la raconter\u2026<br>\u00a0\u00bbMessieurs les coureurs\u2026\u00a0\u00bb est un spectacle autobiographique qui d\u00e9roule le ruban de fascination d&rsquo;un enfant devenu grand pour l&rsquo;univers du sport cycliste ; l&rsquo;illustration d&rsquo;un bout d&rsquo;existence\u2026 un fruit de la passion.<br>Auteur v\u00e9lodidacte et d\u00e9tenteur d&rsquo;un savoir essentiellement cyclop\u00e8dique, mon spectacle est enti\u00e8rement \u00e9crit \u00e0 la main et souffl\u00e9 \u00e0 la bouche.<br>Le verbe y a pour fonction essentielle d&rsquo; articuler le geste, le mouvement pour mission de faire glisser l&rsquo;intime de la sensation vers le partageable de l&rsquo;\u00e9motion\u2026<br>Le style et l&rsquo;accent qui transportent la parole portent la marque des \u00a0\u00bblangages de terre\u00a0\u00bb, non par inclination au pittoresque mais par souci de conservation de la chair des mots\u2026ainsi les paroles s&rsquo;envolent alors, peut-\u00eatre, les cris restent\u2026<br>La nostalgie point parfois sous le propos\u2026c&rsquo;est un artefact, une nostalgie d&rsquo;avant-garde\u2026 patrimoniale et mutualisable.<br>Au Diable les m\u00e9lancolies\u2026\u00a0\u00bbMessieurs les coureurs\u2026\u00a0\u00bbn&rsquo;est pas un spectacle comique mais il fait beaucoup rire et \u00e0 beau courir, coureur de quoi ? Laisser la question, telle est l&rsquo;intention.<br>Bonnes intention dont, dit-on, l&rsquo;Enfer est pav\u00e9 ? alors je souhaite que les miennes aillent jointer deux petits bouts d&rsquo;Enfer du Nord coinc\u00e9s dans un sentier entre Paris et Roubaix\u2026<br>Et que longtemps encore, au babil des juillets, le maillot \u00e0 pois et la caravane passent\u2026<br>Pascal Labadie<\/em><\/p>\n<\/div>\n<\/div>\n\n\n\n<figure class=\"wp-block-gallery aligncenter has-nested-images columns-3 is-cropped wp-block-gallery-1 is-layout-flex wp-block-gallery-is-layout-flex\">\n<figure class=\"wp-block-image size-full\"><img loading=\"lazy\" decoding=\"async\" width=\"400\" height=\"400\" data-id=\"3114\" src=\"https:\/\/lejonchet.fr\/wp-content\/uploads\/2022\/09\/cour03.jpg\" alt=\"\" class=\"wp-image-3114\" srcset=\"https:\/\/lejonchet.fr\/wp-content\/uploads\/2022\/09\/cour03.jpg 400w, https:\/\/lejonchet.fr\/wp-content\/uploads\/2022\/09\/cour03-300x300.jpg 300w, https:\/\/lejonchet.fr\/wp-content\/uploads\/2022\/09\/cour03-150x150.jpg 150w\" sizes=\"auto, (max-width: 400px) 100vw, 400px\" \/><\/figure>\n\n\n\n<figure class=\"wp-block-image size-full\"><img loading=\"lazy\" decoding=\"async\" width=\"479\" height=\"400\" data-id=\"3116\" src=\"https:\/\/lejonchet.fr\/wp-content\/uploads\/2022\/09\/cour06.jpg\" alt=\"\" class=\"wp-image-3116\" srcset=\"https:\/\/lejonchet.fr\/wp-content\/uploads\/2022\/09\/cour06.jpg 479w, https:\/\/lejonchet.fr\/wp-content\/uploads\/2022\/09\/cour06-300x251.jpg 300w\" sizes=\"auto, (max-width: 479px) 100vw, 479px\" \/><\/figure>\n\n\n\n<figure class=\"wp-block-image size-large\"><img loading=\"lazy\" decoding=\"async\" width=\"400\" height=\"400\" data-id=\"3120\" src=\"https:\/\/lejonchet.fr\/wp-content\/uploads\/2022\/09\/cour04.jpg\" alt=\"\" class=\"wp-image-3120\" srcset=\"https:\/\/lejonchet.fr\/wp-content\/uploads\/2022\/09\/cour04.jpg 400w, https:\/\/lejonchet.fr\/wp-content\/uploads\/2022\/09\/cour04-300x300.jpg 300w, https:\/\/lejonchet.fr\/wp-content\/uploads\/2022\/09\/cour04-150x150.jpg 150w\" sizes=\"auto, (max-width: 400px) 100vw, 400px\" \/><\/figure>\n<\/figure>\n\n\n\n<div class=\"wp-block-button alignright\"><a class=\"wp-block-button__link has-luminous-vivid-amber-background-color has-background wp-element-button\" href=\"https:\/\/lejonchet.fr\/index.php\/events\/messieurs-les-coureurs\/\" style=\"border-radius:39px\">R\u00e9servation&#8230;<\/a><\/div>\n\n\n\n<p class=\"has-small-font-size\"><em>Spectacle tout public (\u00e0 partir de 12 ans)<\/em><\/p>\n\n\n\n<p class=\"has-small-font-size\"><strong>Dur\u00e9e :<\/strong>&nbsp;1h20<\/p>\n","protected":false},"excerpt":{"rendered":"<p>RESERVATIONS : Dimanche 3 d\u00e9cembre 2023 \u00e0 15h30 \u00ab\u00a0Messieurs les coureurs\u00a0\u00bb de et par Pascal Labadie Messieurs les coureurs.C\u2019est un petit gars des champs\u2026Quand il sera grand il sera chevalier de la table ronde\u2026 une table recouverte de toile cir\u00e9e.Son p\u00e8re n\u2019a pu atteindre le Graal\u2026lui se doit de le d\u00e9crocher. Alors il s\u2019en va [&hellip;]<\/p>\n","protected":false},"author":1,"featured_media":0,"parent":0,"menu_order":0,"comment_status":"closed","ping_status":"closed","template":"","meta":{"footnotes":""},"class_list":["post-3112","page","type-page","status-publish","hentry"],"_links":{"self":[{"href":"https:\/\/lejonchet.fr\/index.php\/wp-json\/wp\/v2\/pages\/3112","targetHints":{"allow":["GET"]}}],"collection":[{"href":"https:\/\/lejonchet.fr\/index.php\/wp-json\/wp\/v2\/pages"}],"about":[{"href":"https:\/\/lejonchet.fr\/index.php\/wp-json\/wp\/v2\/types\/page"}],"author":[{"embeddable":true,"href":"https:\/\/lejonchet.fr\/index.php\/wp-json\/wp\/v2\/users\/1"}],"replies":[{"embeddable":true,"href":"https:\/\/lejonchet.fr\/index.php\/wp-json\/wp\/v2\/comments?post=3112"}],"version-history":[{"count":15,"href":"https:\/\/lejonchet.fr\/index.php\/wp-json\/wp\/v2\/pages\/3112\/revisions"}],"predecessor-version":[{"id":3893,"href":"https:\/\/lejonchet.fr\/index.php\/wp-json\/wp\/v2\/pages\/3112\/revisions\/3893"}],"wp:attachment":[{"href":"https:\/\/lejonchet.fr\/index.php\/wp-json\/wp\/v2\/media?parent=3112"}],"curies":[{"name":"wp","href":"https:\/\/api.w.org\/{rel}","templated":true}]}}