{"id":2001,"date":"2021-08-05T10:46:49","date_gmt":"2021-08-05T08:46:49","guid":{"rendered":"https:\/\/lejonchet.fr\/?page_id=2001"},"modified":"2021-08-05T11:21:54","modified_gmt":"2021-08-05T09:21:54","slug":"jeune-public","status":"publish","type":"page","link":"https:\/\/lejonchet.fr\/index.php\/jeune-public\/","title":{"rendered":"Jeune public"},"content":{"rendered":"\n<figure class=\"wp-block-table alignright\"><table class=\"has-background\" style=\"background-color:#e7f5fe\"><tbody><tr><td class=\"has-text-align-right\" data-align=\"right\">RESERVATIONS :<br><strong><a href=\"https:\/\/lejonchet.fr\/index.php\/events\/la-fileuse-de-nuage\/\">Dimanche 19 septembre 2021 \u00e0 11h00<\/a><\/strong><br><strong><a href=\"https:\/\/lejonchet.fr\/index.php\/events\/la-fileuse-de-nuages\/\">Dimanche 17 octobre 2021 \u00e0 11h00<\/a><\/strong><\/td><\/tr><\/tbody><\/table><\/figure>\n\n\n\n<p class=\"has-vivid-red-color has-text-color has-large-font-size\"><strong>\u00ab\u00a0La fileuse de nuages\u00a0\u00bb<\/strong><\/p>\n\n\n\n<p class=\"has-vivid-red-color has-text-color has-medium-font-size\"><strong><em>par la compagnie Le Temps d&rsquo;un Conte<\/em><\/strong><\/p>\n\n\n\n<figure class=\"wp-block-image size-full\"><img loading=\"lazy\" decoding=\"async\" width=\"800\" height=\"276\" src=\"https:\/\/lejonchet.fr\/wp-content\/uploads\/2021\/08\/Im01.gif\" alt=\"\" class=\"wp-image-2003\"\/><\/figure>\n\n\n\n<p class=\"has-drop-cap\">Le temps file et s&rsquo;enroule, puis se d\u00e9roule, pour qu&rsquo;au fil d&rsquo;une journ\u00e9e, une histoire se tisse. Au gr\u00e8s des mots, des sons et des observations du ciel, la fileuse de nuage se raconte. <br><br>Elle ne porte pas de nom ni de pr\u00e9nom, car elle n&rsquo;existe que pour ceux qui prennent le temps de regarder vers le ciel. <br><br>On l&rsquo;appelle la fileuse de nuage. Cr\u00e9ant la pluie et le beau temps au royaume des cieux. <br>Parfois, elle glisse son regard \u00e0 travers ses pelotes de soies et observe un petit loup blanc.<br><br>Du haut de la colline, il contemple avec admiration les nuages et une fois la nuit tomb\u00e9e, il r\u00eave de toucher les \u00e9toiles.<\/p>\n\n\n\n<p style=\"font-size:11px\"><strong>Un spectacle \u00e9crit, mis en sc\u00e8ne et interpr\u00e9t\u00e9 par <\/strong>C\u00e9cile Doan.<br><strong>Conception et r\u00e9alisation d\u00e9cors, accessoires et marionnettes<\/strong> C\u00e9cile Doan et Jean Fran\u00e7ois Doan<br><strong>Cr\u00e9ations sonores et musicales<\/strong> Aline Hans.<br><strong>Cr\u00e9ation chor\u00e9graphique<\/strong> Chlo\u00e9 Dervill\u00e9 <\/p>\n\n\n\n<div class=\"wp-block-button alignright\"><a class=\"wp-block-button__link has-luminous-vivid-amber-background-color has-background\" href=\"https:\/\/lejonchet.fr\/index.php\/agenda\/\" style=\"border-radius:39px\">R\u00e9servation&#8230;<\/a><\/div>\n\n\n\n<figure class=\"wp-block-gallery columns-3 is-cropped wp-block-gallery-1 is-layout-flex wp-block-gallery-is-layout-flex\"><ul class=\"blocks-gallery-grid\"><li class=\"blocks-gallery-item\"><figure><img loading=\"lazy\" decoding=\"async\" width=\"400\" height=\"400\" src=\"https:\/\/lejonchet.fr\/wp-content\/uploads\/2021\/08\/Im02.gif\" alt=\"\" data-id=\"2004\" data-full-url=\"https:\/\/lejonchet.fr\/wp-content\/uploads\/2021\/08\/Im02.gif\" data-link=\"https:\/\/lejonchet.fr\/index.php\/jeune-public\/im02\/\" class=\"wp-image-2004\"\/><\/figure><\/li><li class=\"blocks-gallery-item\"><figure><img loading=\"lazy\" decoding=\"async\" width=\"400\" height=\"400\" src=\"https:\/\/lejonchet.fr\/wp-content\/uploads\/2021\/08\/Im03.gif\" alt=\"\" data-id=\"2005\" data-full-url=\"https:\/\/lejonchet.fr\/wp-content\/uploads\/2021\/08\/Im03.gif\" data-link=\"https:\/\/lejonchet.fr\/index.php\/jeune-public\/im03\/\" class=\"wp-image-2005\"\/><\/figure><\/li><li class=\"blocks-gallery-item\"><figure><img loading=\"lazy\" decoding=\"async\" width=\"400\" height=\"400\" src=\"https:\/\/lejonchet.fr\/wp-content\/uploads\/2021\/08\/Im04.gif\" alt=\"\" data-id=\"2006\" data-full-url=\"https:\/\/lejonchet.fr\/wp-content\/uploads\/2021\/08\/Im04.gif\" data-link=\"https:\/\/lejonchet.fr\/index.php\/jeune-public\/im04\/\" class=\"wp-image-2006\"\/><\/figure><\/li><li class=\"blocks-gallery-item\"><figure><img loading=\"lazy\" decoding=\"async\" width=\"400\" height=\"400\" src=\"https:\/\/lejonchet.fr\/wp-content\/uploads\/2021\/08\/Im06.gif\" alt=\"\" data-id=\"2008\" data-full-url=\"https:\/\/lejonchet.fr\/wp-content\/uploads\/2021\/08\/Im06.gif\" data-link=\"https:\/\/lejonchet.fr\/index.php\/jeune-public\/im06\/\" class=\"wp-image-2008\"\/><\/figure><\/li><li class=\"blocks-gallery-item\"><figure><img loading=\"lazy\" decoding=\"async\" width=\"400\" height=\"400\" src=\"https:\/\/lejonchet.fr\/wp-content\/uploads\/2021\/08\/Im07.gif\" alt=\"\" data-id=\"2009\" data-full-url=\"https:\/\/lejonchet.fr\/wp-content\/uploads\/2021\/08\/Im07.gif\" data-link=\"https:\/\/lejonchet.fr\/index.php\/jeune-public\/im07\/\" class=\"wp-image-2009\"\/><\/figure><\/li><\/ul><\/figure>\n\n\n\n<p><\/p>\n","protected":false},"excerpt":{"rendered":"<p>RESERVATIONS :Dimanche 19 septembre 2021 \u00e0 11h00Dimanche 17 octobre 2021 \u00e0 11h00 \u00ab\u00a0La fileuse de nuages\u00a0\u00bb par la compagnie Le Temps d&rsquo;un Conte Le temps file et s&rsquo;enroule, puis se d\u00e9roule, pour qu&rsquo;au fil d&rsquo;une journ\u00e9e, une histoire se tisse. Au gr\u00e8s des mots, des sons et des observations du ciel, la fileuse de nuage [&hellip;]<\/p>\n","protected":false},"author":1,"featured_media":0,"parent":0,"menu_order":0,"comment_status":"closed","ping_status":"closed","template":"","meta":{"footnotes":""},"class_list":["post-2001","page","type-page","status-publish","hentry"],"_links":{"self":[{"href":"https:\/\/lejonchet.fr\/index.php\/wp-json\/wp\/v2\/pages\/2001","targetHints":{"allow":["GET"]}}],"collection":[{"href":"https:\/\/lejonchet.fr\/index.php\/wp-json\/wp\/v2\/pages"}],"about":[{"href":"https:\/\/lejonchet.fr\/index.php\/wp-json\/wp\/v2\/types\/page"}],"author":[{"embeddable":true,"href":"https:\/\/lejonchet.fr\/index.php\/wp-json\/wp\/v2\/users\/1"}],"replies":[{"embeddable":true,"href":"https:\/\/lejonchet.fr\/index.php\/wp-json\/wp\/v2\/comments?post=2001"}],"version-history":[{"count":4,"href":"https:\/\/lejonchet.fr\/index.php\/wp-json\/wp\/v2\/pages\/2001\/revisions"}],"predecessor-version":[{"id":2016,"href":"https:\/\/lejonchet.fr\/index.php\/wp-json\/wp\/v2\/pages\/2001\/revisions\/2016"}],"wp:attachment":[{"href":"https:\/\/lejonchet.fr\/index.php\/wp-json\/wp\/v2\/media?parent=2001"}],"curies":[{"name":"wp","href":"https:\/\/api.w.org\/{rel}","templated":true}]}}