{"id":1713,"date":"2021-05-10T17:56:30","date_gmt":"2021-05-10T15:56:30","guid":{"rendered":"http:\/\/lejonchet.fr\/?page_id=1713"},"modified":"2021-08-09T16:23:41","modified_gmt":"2021-08-09T14:23:41","slug":"blanche-neige","status":"publish","type":"page","link":"https:\/\/lejonchet.fr\/index.php\/blanche-neige\/","title":{"rendered":"Jeune public"},"content":{"rendered":"\n<figure class=\"wp-block-table alignright is-style-regular\"><table class=\"has-background\" style=\"background-color:#e7f5fe\"><tbody><tr><td class=\"has-text-align-right\" data-align=\"right\">RESERVATIONS :<br><strong><a href=\"https:\/\/lejonchet.fr\/index.php\/events\/ail03\/\"><\/a><strong><a href=\"https:\/\/lejonchet.fr\/index.php\/events\/blanche-neige-2\/\">Dimanche 29 ao\u00fbt 2021 \u00e0 11h00<\/a><\/strong><\/strong><br><strong><a href=\"https:\/\/lejonchet.fr\/index.php\/events\/ail04\/\"><\/a><strong><a href=\"https:\/\/lejonchet.fr\/index.php\/events\/ail03\/\"><\/a><strong><a href=\"https:\/\/lejonchet.fr\/index.php\/events\/blanche-neige-3\/\">Dimanche 29 ao\u00fbt 2021 \u00e0 15h00<\/a><\/strong><\/strong><\/strong><\/td><\/tr><\/tbody><\/table><\/figure>\n\n\n\n<p class=\"has-vivid-red-color has-text-color has-large-font-size\"><strong>\u00ab\u00a0Blanche neige\u00a0\u00bb<\/strong><\/p>\n\n\n\n<p class=\"has-vivid-red-color has-text-color has-medium-font-size\"><strong><em>par la compagnie Le Temps d&rsquo;un Conte<\/em><\/strong><\/p>\n\n\n\n<figure class=\"wp-block-image size-large\"><img loading=\"lazy\" decoding=\"async\" width=\"794\" height=\"161\" src=\"https:\/\/lejonchet.fr\/wp-content\/uploads\/2021\/05\/Blanche-neige.png\" alt=\"\" class=\"wp-image-1714\" srcset=\"https:\/\/lejonchet.fr\/wp-content\/uploads\/2021\/05\/Blanche-neige.png 794w, https:\/\/lejonchet.fr\/wp-content\/uploads\/2021\/05\/Blanche-neige-300x61.png 300w, https:\/\/lejonchet.fr\/wp-content\/uploads\/2021\/05\/Blanche-neige-768x156.png 768w, https:\/\/lejonchet.fr\/wp-content\/uploads\/2021\/05\/Blanche-neige-690x140.png 690w\" sizes=\"auto, (max-width: 794px) 100vw, 794px\" \/><\/figure>\n\n\n\n<p class=\"has-drop-cap\">Il \u00e9tait une fois, une reine jalouse de la beaut\u00e9 de Blanche Neige. <br>Elle demanda \u00e0 un chasseur de la tuer mais celui-ci d\u00e9sob\u00e9it et la perd dans la for\u00eat. <br>Blanche Neige trouve alors refuge dans la maison des sept nains&#8230; <br><br><em>Cr\u00e9ation chor\u00e9graphique et cont\u00e9e de l&rsquo;histoire traditionnelle des Fr\u00e8res Grimm.<\/em><br><em>A partir de 4 ans<\/em><\/p>\n\n\n\n<div class=\"wp-block-columns is-layout-flex wp-container-core-columns-is-layout-9d6595d7 wp-block-columns-is-layout-flex\">\n<div class=\"wp-block-column is-layout-flow wp-block-column-is-layout-flow\" style=\"flex-basis:100%\">\n<figure class=\"wp-block-gallery columns-4 wp-block-gallery-1 is-layout-flex wp-block-gallery-is-layout-flex\"><ul class=\"blocks-gallery-grid\"><li class=\"blocks-gallery-item\"><figure><img loading=\"lazy\" decoding=\"async\" width=\"400\" height=\"400\" src=\"https:\/\/lejonchet.fr\/wp-content\/uploads\/2021\/05\/Bn03.gif\" alt=\"\" data-id=\"1726\" data-link=\"https:\/\/lejonchet.fr\/index.php\/theatre-3\/bn03\/\" class=\"wp-image-1726\"\/><\/figure><\/li><li class=\"blocks-gallery-item\"><figure><img loading=\"lazy\" decoding=\"async\" width=\"200\" height=\"221\" src=\"https:\/\/lejonchet.fr\/wp-content\/uploads\/2021\/05\/Bn02.gif\" alt=\"\" data-id=\"1725\" data-link=\"https:\/\/lejonchet.fr\/index.php\/theatre-3\/bn02\/\" class=\"wp-image-1725\"\/><\/figure><\/li><li class=\"blocks-gallery-item\"><figure><img loading=\"lazy\" decoding=\"async\" width=\"400\" height=\"357\" src=\"https:\/\/lejonchet.fr\/wp-content\/uploads\/2021\/05\/Bn06.gif\" alt=\"\" data-id=\"1727\" data-link=\"https:\/\/lejonchet.fr\/index.php\/theatre-3\/bn06\/\" class=\"wp-image-1727\"\/><\/figure><\/li><li class=\"blocks-gallery-item\"><figure><img loading=\"lazy\" decoding=\"async\" width=\"400\" height=\"176\" src=\"https:\/\/lejonchet.fr\/wp-content\/uploads\/2021\/05\/Bn04.gif\" alt=\"\" data-id=\"1728\" data-full-url=\"https:\/\/lejonchet.fr\/wp-content\/uploads\/2021\/05\/Bn04.gif\" data-link=\"https:\/\/lejonchet.fr\/index.php\/theatre-3\/bn04\/\" class=\"wp-image-1728\"\/><\/figure><\/li><\/ul><\/figure>\n\n\n\n<p class=\"has-text-align-left\" style=\"font-size:11px\"><strong>Chor\u00e9graphie et danse<\/strong> de Chlo\u00e9 Dervill\u00e9 <br><strong>Cont\u00e9<\/strong> par C\u00e9line Pires <br><strong>Musiques<\/strong> de Nicolas P\u00e9rez.<\/p>\n<\/div>\n<\/div>\n\n\n\n<div class=\"wp-block-button alignright\"><a class=\"wp-block-button__link has-luminous-vivid-amber-background-color has-background\" href=\"https:\/\/lejonchet.fr\/index.php\/agenda\/\" style=\"border-radius:39px\">R\u00e9servation&#8230;<\/a><\/div>\n\n\n\n<p><\/p>\n","protected":false},"excerpt":{"rendered":"<p>RESERVATIONS :Dimanche 29 ao\u00fbt 2021 \u00e0 11h00Dimanche 29 ao\u00fbt 2021 \u00e0 15h00 \u00ab\u00a0Blanche neige\u00a0\u00bb par la compagnie Le Temps d&rsquo;un Conte Il \u00e9tait une fois, une reine jalouse de la beaut\u00e9 de Blanche Neige. Elle demanda \u00e0 un chasseur de la tuer mais celui-ci d\u00e9sob\u00e9it et la perd dans la for\u00eat. Blanche Neige trouve alors [&hellip;]<\/p>\n","protected":false},"author":1,"featured_media":0,"parent":0,"menu_order":0,"comment_status":"closed","ping_status":"closed","template":"","meta":{"footnotes":""},"class_list":["post-1713","page","type-page","status-publish","hentry"],"_links":{"self":[{"href":"https:\/\/lejonchet.fr\/index.php\/wp-json\/wp\/v2\/pages\/1713","targetHints":{"allow":["GET"]}}],"collection":[{"href":"https:\/\/lejonchet.fr\/index.php\/wp-json\/wp\/v2\/pages"}],"about":[{"href":"https:\/\/lejonchet.fr\/index.php\/wp-json\/wp\/v2\/types\/page"}],"author":[{"embeddable":true,"href":"https:\/\/lejonchet.fr\/index.php\/wp-json\/wp\/v2\/users\/1"}],"replies":[{"embeddable":true,"href":"https:\/\/lejonchet.fr\/index.php\/wp-json\/wp\/v2\/comments?post=1713"}],"version-history":[{"count":21,"href":"https:\/\/lejonchet.fr\/index.php\/wp-json\/wp\/v2\/pages\/1713\/revisions"}],"predecessor-version":[{"id":2290,"href":"https:\/\/lejonchet.fr\/index.php\/wp-json\/wp\/v2\/pages\/1713\/revisions\/2290"}],"wp:attachment":[{"href":"https:\/\/lejonchet.fr\/index.php\/wp-json\/wp\/v2\/media?parent=1713"}],"curies":[{"name":"wp","href":"https:\/\/api.w.org\/{rel}","templated":true}]}}